{"id":2696,"date":"2010-09-09T08:39:21","date_gmt":"2010-09-09T08:39:21","guid":{"rendered":"https:\/\/belgianfapa.anmdev.be\/conseil-dadministration\/"},"modified":"2010-09-09T08:39:21","modified_gmt":"2010-09-09T08:39:21","slug":"conseil-dadministration","status":"publish","type":"page","link":"https:\/\/belgianfapa.be\/nl\/a-propos-de-fapa\/conseil-dadministration\/","title":{"rendered":"Conseil d&#8217;administration"},"content":{"rendered":"<p><strong>Pr&eacute;sident<\/strong><br><span style=\"font-size: 13px;\">Prof. K. Dahan<\/span><br><span style=\"font-size: 13px;\">IPG &ndash; Gosselies, Centre de G&eacute;n&eacute;tique Humaine<\/span><\/p>\n<p><strong>Vice-pr&eacute;sident<\/strong><\/p>\n<p><strong>&nbsp;<\/strong><span style=\"font-size: 13px;\">Prof. E. Van Cutsem<\/span><br><span style=\"font-size: 13px;\">UZ &ndash; KU Leuven, service de gastro-ent&eacute;rologie<\/span><br><strong>Secr&eacute;taire g&eacute;n&eacute;ral<\/strong><br>Prof. D. L&eacute;onard<br>UCL &ndash; St Luc, unit&eacute; de chirurgie colorectale<\/p>\n<p><strong>Tr&eacute;sorier<\/strong><br>Prof. S. Laurent<br>UZ &ndash; Gent, service d&rsquo;oncologie digestive<\/p>\n<p>&nbsp;<\/p>\n<p><strong>Membres<\/strong><\/p>\n<p>Prof. I. Borbath<br>UCL &ndash; St Luc, service gastro-ent&eacute;rologie<\/p>\n<p>Dr. A. Buggenhout<br>CUB Erasme,&nbsp;unit&eacute; de chirurgie colorectale<span style=\"font-size: 13px;\">&nbsp;<\/span><\/p>\n<p>Prof. K. Claes<br>UZ &ndash; Gent, service g&eacute;n&eacute;tique m&eacute;dicale<\/p>\n<p>Dr. C. Coimbra<br>C.H.U. &ndash; SART TILMAN,&nbsp;service de chirurgie colorectale<\/p>\n<p>Prof. D. Franchimont<br>ULB &ndash; Erasme, service de gastro-ent&eacute;rologie<\/p>\n<p>Dr. A. Hoorens&nbsp;<br>UZ &ndash; Gent, service anatomie pathologique<\/p>\n<p>Prof. A. Kartheuser<br>UCL &ndash; St Luc, unit&eacute; de chirurgie colorectale<\/p>\n<p>Dr. K. Leunen<br>AZ St. Maarten &ndash; Mechelen\/Duffel, oncologie gynecologique<\/p>\n<p>Dr. O. Plomteux<br>CHC St Joseph &ndash; Li&egrave;ge, service de gastro-ent&eacute;rologie<\/p>\n<p>Dr. M. Van den Eynde<br>UCL &ndash; St Luc- service oncologie digestive<\/p>\n<p>Dr. A. Wolthuis<br>UZ &ndash; KU Leuven, service de chirurgie abdominale<\/p>\n\n<p>&nbsp;<\/p>\n\n<p>&nbsp;<\/p>\n<p>&nbsp;<\/p>\n<p>&nbsp;<\/p>\n<p>&nbsp;<\/p>\n<p>&nbsp;<\/p>\n<p style=\"margin: 0cm 0cm 0.0001pt; line-height: 15pt;\">&nbsp;<\/p>\n<p>&nbsp;<\/p>\n<p>&nbsp;<\/p>\n<p style=\"font-size: 13px;\">&nbsp;<\/p>\n<p style=\"font-size: 13px;\"><span style='font-family: \"Trebuchet MS\", sans-serif; font-size: 13px;'><br><\/span><\/p>\n","protected":false},"excerpt":{"rendered":"<p><strong>Pr\u00e9sident<\/strong><br \/><span style=\"font-size: 13px;\">Prof. K. Dahan<\/span><br \/><span style=\"font-size: 13px;\">IPG &#8211; Gosselies, Centre de G\u00e9n\u00e9tique Humaine<\/span><\/p>\n<p><strong>Vice-pr\u00e9sident<\/strong><\/p>\n<p><strong>&nbsp;<\/strong><span style=\"font-size: 13px;\">Prof. E. Van Cutsem<\/span><br \/><span style=\"font-size: 13px;\">UZ \u2013 KU Leuven, service de gastro-ent\u00e9rologie<\/span><br \/><strong>Secr\u00e9taire g\u00e9n\u00e9ral<\/strong><br \/>Prof. D. L\u00e9onard<br \/>UCL &#8211; St Luc, unit\u00e9 de chirurgie colorectale<\/p>\n<p><strong>Tr\u00e9sorier<\/strong><br \/>Prof. S. Laurent<br \/>UZ &#8211; Gent, service d&#8217;oncologie digestive<\/p>\n<p>&nbsp;<\/p>\n<p><strong>Membres<\/strong><\/p>\n<p>Prof. I. Borbath<br \/>UCL &#8211; St Luc, service gastro-ent\u00e9rologie<\/p>\n<p>Dr. A. Buggenhout<br \/>CUB Erasme,&nbsp;unit\u00e9 de chirurgie colorectale<span style=\"font-size: 13px;\">&nbsp;<\/span><\/p>\n<p>Prof. K. Claes<br \/>UZ &#8211; Gent, service g\u00e9n\u00e9tique m\u00e9dicale<\/p>\n<p>Dr. C. Coimbra<br \/>C.H.U. &#8211; SART TILMAN,&nbsp;service de chirurgie colorectale<\/p>\n<p>Prof. D. Franchimont<br \/>ULB \u2013 Erasme, service de gastro-ent\u00e9rologie<\/p>\n<p>Dr. A. Hoorens&nbsp;<br \/>UZ &#8211; Gent, service anatomie pathologique<\/p>\n<p>Prof. A. Kartheuser<br \/>UCL \u2013 St Luc, unit\u00e9 de chirurgie colorectale<\/p>\n<p>Dr. K. Leunen<br \/>AZ St. Maarten &#8211; Mechelen\/Duffel, oncologie gynecologique<\/p>\n<p>Dr. O. Plomteux<br \/>CHC St Joseph \u2013 Li\u00e8ge, service de gastro-ent\u00e9rologie<\/p>\n<p>Dr. M. Van den Eynde<br \/>UCL &#8211; St Luc- service oncologie digestive<\/p>\n<p>Dr. A. Wolthuis<br \/>UZ \u2013 KU Leuven, service de chirurgie abdominale<\/p>\n<p>&nbsp;<\/p>\n<p>&nbsp;<\/p>\n<p>&nbsp;<\/p>\n<p>&nbsp;<\/p>\n<p>&nbsp;<\/p>\n<p>&nbsp;<\/p>\n<p style=\"margin: 0cm 0cm 0.0001pt; line-height: 15pt;\">&nbsp;<\/p>\n<p>&nbsp;<\/p>\n<p>&nbsp;<\/p>\n<p style=\"font-size: 13px;\">&nbsp;<\/p>\n<p style=\"font-size: 13px;\"><span style=\"font-family: &quot;Trebuchet MS&quot;, sans-serif; font-size: 13px;\"><br \/><\/span><\/p>\n","protected":false},"author":39,"featured_media":0,"parent":1285,"menu_order":0,"comment_status":"closed","ping_status":"closed","template":"","meta":{"_acf_changed":false,"kk_blocks_editor_width":"","_kiokenblocks_attr":"","_kiokenblocks_dimensions":"","footnotes":""},"class_list":["post-2696","page","type-page","status-publish","hentry"],"acf":[],"_links":{"self":[{"href":"https:\/\/belgianfapa.be\/nl\/wp-json\/wp\/v2\/pages\/2696","targetHints":{"allow":["GET"]}}],"collection":[{"href":"https:\/\/belgianfapa.be\/nl\/wp-json\/wp\/v2\/pages"}],"about":[{"href":"https:\/\/belgianfapa.be\/nl\/wp-json\/wp\/v2\/types\/page"}],"author":[{"embeddable":true,"href":"https:\/\/belgianfapa.be\/nl\/wp-json\/wp\/v2\/users\/39"}],"replies":[{"embeddable":true,"href":"https:\/\/belgianfapa.be\/nl\/wp-json\/wp\/v2\/comments?post=2696"}],"version-history":[{"count":0,"href":"https:\/\/belgianfapa.be\/nl\/wp-json\/wp\/v2\/pages\/2696\/revisions"}],"up":[{"embeddable":true,"href":"https:\/\/belgianfapa.be\/nl\/wp-json\/wp\/v2\/pages\/1285"}],"wp:attachment":[{"href":"https:\/\/belgianfapa.be\/nl\/wp-json\/wp\/v2\/media?parent=2696"}],"curies":[{"name":"wp","href":"https:\/\/api.w.org\/{rel}","templated":true}]}}